{"id":517,"date":"2022-03-30T09:36:47","date_gmt":"2022-03-30T09:36:47","guid":{"rendered":"https:\/\/expo2023.org\/basinda-biz\/"},"modified":"2022-04-04T21:12:58","modified_gmt":"2022-04-04T21:12:58","slug":"we-in-the-press","status":"publish","type":"page","link":"https:\/\/expo2023.org\/en\/we-in-the-press\/","title":{"rendered":"We in the Press"},"content":{"rendered":"\t\t<div data-elementor-type=\"wp-page\" data-elementor-id=\"517\" class=\"elementor elementor-517\" data-elementor-settings=\"{&quot;ha_cmc_init_switcher&quot;:&quot;no&quot;}\" data-elementor-post-type=\"page\">\n\t\t\t\t\t\t<section class=\"elementor-section elementor-top-section elementor-element elementor-element-64eb129 elementor-section-boxed elementor-section-height-default elementor-section-height-default\" data-id=\"64eb129\" data-element_type=\"section\" data-e-type=\"section\" data-settings=\"{&quot;_ha_eqh_enable&quot;:false}\">\n\t\t\t\t\t\t<div class=\"elementor-container elementor-column-gap-default\">\n\t\t\t\t\t<div class=\"elementor-column elementor-col-100 elementor-top-column elementor-element elementor-element-b38a272\" data-id=\"b38a272\" data-element_type=\"column\" data-e-type=\"column\">\n\t\t\t<div class=\"elementor-widget-wrap elementor-element-populated\">\n\t\t\t\t\t\t<div class=\"elementor-element elementor-element-52001fa ha-pg-grid-3 ha-pg-grid-tablet-2 ha-pg-grid-mobile-1 elementor-widget elementor-widget-ha-post-grid-new happy-addon ha-post-grid-new happy-addon-pro\" data-id=\"52001fa\" data-element_type=\"widget\" data-e-type=\"widget\" data-settings=\"{&quot;columns&quot;:&quot;3&quot;,&quot;columns_tablet&quot;:&quot;2&quot;,&quot;columns_mobile&quot;:&quot;1&quot;}\" data-widget_type=\"ha-post-grid-new.default\">\n\t\t\t\t<div class=\"elementor-widget-container\">\n\t\t\t\t\t\t\t\t\t\t\t<div class=\"ha-pg-wrapper ha-pg-default ha-pg-standard\">\n\t\t\t\t\t<div class=\"ha-pg-grid-wrap\">\n\t\t\t\t\t\n\t\t\t\t\t\t\t\t<div class=\"ha-pg-item\">\n\t\t\t\t\t\t\t<div class=\"ha-pg-thumb-area\">\n\t\t\t\t\t<a href=\"https:\/\/expo2023.org\/en\/baskan-mahcicek-romanya-ve-makedonyali-ogrencilere-expo-2023u-anlatti\/\" class=\"ha-pg-thumb\">\n\t\t\t\t\t\t<img fetchpriority=\"high\" decoding=\"async\" width=\"800\" height=\"533\" src=\"https:\/\/expo2023.org\/wp-content\/uploads\/2022\/07\/WhatsApp-Image-2022-07-21-at-13.31.11-1024x682.jpeg\" class=\"attachment-large size-large wp-post-image\" alt=\"\" srcset=\"https:\/\/expo2023.org\/wp-content\/uploads\/2022\/07\/WhatsApp-Image-2022-07-21-at-13.31.11-1024x682.jpeg 1024w, https:\/\/expo2023.org\/wp-content\/uploads\/2022\/07\/WhatsApp-Image-2022-07-21-at-13.31.11-300x200.jpeg 300w, https:\/\/expo2023.org\/wp-content\/uploads\/2022\/07\/WhatsApp-Image-2022-07-21-at-13.31.11-768x512.jpeg 768w, https:\/\/expo2023.org\/wp-content\/uploads\/2022\/07\/WhatsApp-Image-2022-07-21-at-13.31.11-1536x1023.jpeg 1536w, https:\/\/expo2023.org\/wp-content\/uploads\/2022\/07\/WhatsApp-Image-2022-07-21-at-13.31.11.jpeg 1600w\" sizes=\"(max-width: 800px) 100vw, 800px\" \/>                    <\/a>\n                    <div class=\"ha-pg-readmore\"><a href=\"https:\/\/expo2023.org\/en\/baskan-mahcicek-romanya-ve-makedonyali-ogrencilere-expo-2023u-anlatti\/\" target=\"_blank\">Read More \u00bb<\/a><\/div>                <\/div>\n\t\t\t\t\t\t<div class=\"ha-pg-content-area\">\n\t\t\t\t\n\t\t\t\t<h4 class=\"ha-pg-title\"><a href=\"https:\/\/expo2023.org\/en\/baskan-mahcicek-romanya-ve-makedonyali-ogrencilere-expo-2023u-anlatti\/\">Ba\u015fkan Mah\u00e7i\u00e7ek, Romanya ve Makedonyal\u0131 \u00f6\u011frencilere EXPO 2023\u2019\u00fc anlatt\u0131<\/a><\/h4>\n\t\t\t\t\t\t\t<div class=\"ha-pg-excerpt\">\n\t\t\t\t<p>Ba\u015fkan Mah\u00e7i\u00e7ek, Romanya ve Makedonyal\u0131 \u00f6\u011frencilere EXPO 2023\u2019\u00fc anlatt\u0131 Romanya ve Makedonyal\u0131 \u00f6\u011frenciler EXPO 2023\u2019e&hellip;<\/p>\t\t\t<\/div>\n\t\t\t\t\t<\/div>\n        <\/div>\n\t\n\t\t\t\t\t\n\t\t\t\t\t\t\t\t<div class=\"ha-pg-item\">\n\t\t\t\t\t\t\t<div class=\"ha-pg-thumb-area\">\n\t\t\t\t\t<a href=\"https:\/\/expo2023.org\/en\/baskan-mahcicekten-karadenize-expo-2023-ziyareti\/\" class=\"ha-pg-thumb\">\n\t\t\t\t\t\t<img decoding=\"async\" width=\"800\" height=\"572\" src=\"https:\/\/expo2023.org\/wp-content\/uploads\/2022\/06\/WhatsApp-Image-2022-06-06-at-22.20.28-1.jpeg\" class=\"attachment-large size-large wp-post-image\" alt=\"\" srcset=\"https:\/\/expo2023.org\/wp-content\/uploads\/2022\/06\/WhatsApp-Image-2022-06-06-at-22.20.28-1.jpeg 1024w, https:\/\/expo2023.org\/wp-content\/uploads\/2022\/06\/WhatsApp-Image-2022-06-06-at-22.20.28-1-300x214.jpeg 300w, https:\/\/expo2023.org\/wp-content\/uploads\/2022\/06\/WhatsApp-Image-2022-06-06-at-22.20.28-1-768x549.jpeg 768w\" sizes=\"(max-width: 800px) 100vw, 800px\" \/>                    <\/a>\n                    <div class=\"ha-pg-readmore\"><a href=\"https:\/\/expo2023.org\/en\/baskan-mahcicekten-karadenize-expo-2023-ziyareti\/\" target=\"_blank\">Read More \u00bb<\/a><\/div>                <\/div>\n\t\t\t\t\t\t<div class=\"ha-pg-content-area\">\n\t\t\t\t\n\t\t\t\t<h4 class=\"ha-pg-title\"><a href=\"https:\/\/expo2023.org\/en\/baskan-mahcicekten-karadenize-expo-2023-ziyareti\/\">Ba\u015fkan Mah\u00e7i\u00e7ek\u2019ten Karadeniz\u2019e EXPO 2023 ziyareti<\/a><\/h4>\n\t\t\t\t\t\t\t<div class=\"ha-pg-excerpt\">\n\t\t\t\t<p>Ba\u015fkan Mah\u00e7i\u00e7ek\u2019ten Karadeniz\u2019e EXPO 2023 ziyareti Oniki\u015fubat Belediyesi ev sahipli\u011finde d\u00fczenlenecek olan ve en az&hellip;<\/p>\t\t\t<\/div>\n\t\t\t\t\t<\/div>\n        <\/div>\n\t\n\t\t\t\t\t\n\t\t\t\t\t\t\t\t<div class=\"ha-pg-item\">\n\t\t\t\t\t\t\t<div class=\"ha-pg-thumb-area\">\n\t\t\t\t\t<a href=\"https:\/\/expo2023.org\/en\/expo-2023-ozel-temsilcisi-erdogan-kok-ziyaretlerine-devam-ediyor\/\" class=\"ha-pg-thumb\">\n\t\t\t\t\t\t<img decoding=\"async\" width=\"800\" height=\"600\" src=\"https:\/\/expo2023.org\/wp-content\/uploads\/2022\/04\/8.jpeg\" class=\"attachment-large size-large wp-post-image\" alt=\"\" srcset=\"https:\/\/expo2023.org\/wp-content\/uploads\/2022\/04\/8.jpeg 1024w, https:\/\/expo2023.org\/wp-content\/uploads\/2022\/04\/8-300x225.jpeg 300w, https:\/\/expo2023.org\/wp-content\/uploads\/2022\/04\/8-768x576.jpeg 768w\" sizes=\"(max-width: 800px) 100vw, 800px\" \/>                    <\/a>\n                    <div class=\"ha-pg-readmore\"><a href=\"https:\/\/expo2023.org\/en\/expo-2023-ozel-temsilcisi-erdogan-kok-ziyaretlerine-devam-ediyor\/\" target=\"_blank\">Read More \u00bb<\/a><\/div>                <\/div>\n\t\t\t\t\t\t<div class=\"ha-pg-content-area\">\n\t\t\t\t\n\t\t\t\t<h4 class=\"ha-pg-title\"><a href=\"https:\/\/expo2023.org\/en\/expo-2023-ozel-temsilcisi-erdogan-kok-ziyaretlerine-devam-ediyor\/\">EXPO 2023 Special Representative Erdo\u011fan K\u00f6k continues his visits<\/a><\/h4>\n\t\t\t\t\t\t\t<div class=\"ha-pg-excerpt\">\n\t\t\t\t<p>EXPO 2023 Special Representative Erdo\u011fan K\u00f6k continues his visits EXPO 2023 Special Representative Erdo\u011fan K\u00f6k&hellip;<\/p>\t\t\t<\/div>\n\t\t\t\t\t<\/div>\n        <\/div>\n\t\n\t\t\t\t\t\n\t\t\t\t\t\t\t\t<div class=\"ha-pg-item\">\n\t\t\t\t\t\t\t<div class=\"ha-pg-thumb-area\">\n\t\t\t\t\t<a href=\"https:\/\/expo2023.org\/en\/baskan-mahcicek-model-ve-modern-onikisubatin-zirve-noktasi-expo-2023-olacak\/\" class=\"ha-pg-thumb\">\n\t\t\t\t\t\t<img loading=\"lazy\" decoding=\"async\" width=\"800\" height=\"533\" src=\"https:\/\/expo2023.org\/wp-content\/uploads\/2022\/04\/5efb2a3a-bbda-42d8-af19-85cbc943f939-1024x682.jpeg\" class=\"attachment-large size-large wp-post-image\" alt=\"\" srcset=\"https:\/\/expo2023.org\/wp-content\/uploads\/2022\/04\/5efb2a3a-bbda-42d8-af19-85cbc943f939-1024x682.jpeg 1024w, https:\/\/expo2023.org\/wp-content\/uploads\/2022\/04\/5efb2a3a-bbda-42d8-af19-85cbc943f939-300x200.jpeg 300w, https:\/\/expo2023.org\/wp-content\/uploads\/2022\/04\/5efb2a3a-bbda-42d8-af19-85cbc943f939-768x512.jpeg 768w, https:\/\/expo2023.org\/wp-content\/uploads\/2022\/04\/5efb2a3a-bbda-42d8-af19-85cbc943f939-1536x1023.jpeg 1536w, https:\/\/expo2023.org\/wp-content\/uploads\/2022\/04\/5efb2a3a-bbda-42d8-af19-85cbc943f939.jpeg 1600w\" sizes=\"(max-width: 800px) 100vw, 800px\" \/>                    <\/a>\n                    <div class=\"ha-pg-readmore\"><a href=\"https:\/\/expo2023.org\/en\/baskan-mahcicek-model-ve-modern-onikisubatin-zirve-noktasi-expo-2023-olacak\/\" target=\"_blank\">Read More \u00bb<\/a><\/div>                <\/div>\n\t\t\t\t\t\t<div class=\"ha-pg-content-area\">\n\t\t\t\t\n\t\t\t\t<h4 class=\"ha-pg-title\"><a href=\"https:\/\/expo2023.org\/en\/baskan-mahcicek-model-ve-modern-onikisubatin-zirve-noktasi-expo-2023-olacak\/\">President Mah\u00e7i\u00e7ek; EXPO 2023 will be the pinnacle of the model and modern Twelfth of February<\/a><\/h4>\n\t\t\t\t\t\t\t<div class=\"ha-pg-excerpt\">\n\t\t\t\t<p>\u00a0 President Mah\u00e7i\u00e7ek; EXPO 2023 will be the pinnacle of the model and modern Twelfth&hellip;<\/p>\t\t\t<\/div>\n\t\t\t\t\t<\/div>\n        <\/div>\n\t\n\t\t\t\t\t\n\t\t\t\t\t\t\t\t<div class=\"ha-pg-item\">\n\t\t\t\t\t\t\t<div class=\"ha-pg-thumb-area\">\n\t\t\t\t\t<a href=\"https:\/\/expo2023.org\/en\/expo-2023-kahramanmaras\/\" class=\"ha-pg-thumb\">\n\t\t\t\t\t\t<img loading=\"lazy\" decoding=\"async\" width=\"327\" height=\"200\" src=\"https:\/\/expo2023.org\/wp-content\/uploads\/2022\/03\/expo-1.png\" class=\"attachment-large size-large wp-post-image\" alt=\"\" srcset=\"https:\/\/expo2023.org\/wp-content\/uploads\/2022\/03\/expo-1.png 327w, https:\/\/expo2023.org\/wp-content\/uploads\/2022\/03\/expo-1-300x183.png 300w\" sizes=\"(max-width: 327px) 100vw, 327px\" \/>                    <\/a>\n                    <div class=\"ha-pg-readmore\"><a href=\"https:\/\/expo2023.org\/en\/expo-2023-kahramanmaras\/\" target=\"_blank\">Read More \u00bb<\/a><\/div>                <\/div>\n\t\t\t\t\t\t<div class=\"ha-pg-content-area\">\n\t\t\t\t\n\t\t\t\t<h4 class=\"ha-pg-title\"><a href=\"https:\/\/expo2023.org\/en\/expo-2023-kahramanmaras\/\">EXPO 2023 Kahramanmara\u015f<\/a><\/h4>\n\t\t\t\t\t\t\t<div class=\"ha-pg-excerpt\">\n\t\t\t\t<p>B Category Horticultural Expo 2023 Kahramanmara\u015f\u00a0 approved by the Association of International Horticultural Producers (AIPH)&hellip;<\/p>\t\t\t<\/div>\n\t\t\t\t\t<\/div>\n        <\/div>\n\t\n\t\t\t\t\t\n\t\t\t\t\t\t\t\t<div class=\"ha-pg-item\">\n\t\t\t\t\t\t\t<div class=\"ha-pg-thumb-area\">\n\t\t\t\t\t<a href=\"https:\/\/expo2023.org\/en\/expo-2023-lancman\/\" class=\"ha-pg-thumb\">\n\t\t\t\t\t\t<img loading=\"lazy\" decoding=\"async\" width=\"300\" height=\"176\" src=\"https:\/\/expo2023.org\/wp-content\/uploads\/2022\/03\/expo-2-300x176-1.png\" class=\"attachment-large size-large wp-post-image\" alt=\"\" \/>                    <\/a>\n                    <div class=\"ha-pg-readmore\"><a href=\"https:\/\/expo2023.org\/en\/expo-2023-lancman\/\" target=\"_blank\">Read More \u00bb<\/a><\/div>                <\/div>\n\t\t\t\t\t\t<div class=\"ha-pg-content-area\">\n\t\t\t\t\n\t\t\t\t<h4 class=\"ha-pg-title\"><a href=\"https:\/\/expo2023.org\/en\/expo-2023-lancman\/\">EXPO 2023 Lancman<\/a><\/h4>\n\t\t\t\t\t\t\t<div class=\"ha-pg-excerpt\">\n\t\t\t\t<p>Lancman ceremony of the Expo2023 held in Kahramanmara\u015f by the high attendance of Minister of&hellip;<\/p>\t\t\t<\/div>\n\t\t\t\t\t<\/div>\n        <\/div>\n\t\n\t\t\t\t\t\n\t\t\t\t\t\t\t\t<div class=\"ha-pg-item\">\n\t\t\t\t\t\t\t<div class=\"ha-pg-thumb-area\">\n\t\t\t\t\t<a href=\"https:\/\/expo2023.org\/en\/onikisubat-mayor-mr-hanefi-mahcicek-made-a-presentation-of-the-expo-2023-duruing-the-spring-meeting-of-aiph-in-dubai\/\" class=\"ha-pg-thumb\">\n\t\t\t\t\t\t<img loading=\"lazy\" decoding=\"async\" width=\"511\" height=\"674\" src=\"https:\/\/expo2023.org\/wp-content\/uploads\/2022\/03\/2022_03_074sunoeyf.png\" class=\"attachment-large size-large wp-post-image\" alt=\"\" srcset=\"https:\/\/expo2023.org\/wp-content\/uploads\/2022\/03\/2022_03_074sunoeyf.png 511w, https:\/\/expo2023.org\/wp-content\/uploads\/2022\/03\/2022_03_074sunoeyf-227x300.png 227w\" sizes=\"(max-width: 511px) 100vw, 511px\" \/>                    <\/a>\n                    <div class=\"ha-pg-readmore\"><a href=\"https:\/\/expo2023.org\/en\/onikisubat-mayor-mr-hanefi-mahcicek-made-a-presentation-of-the-expo-2023-duruing-the-spring-meeting-of-aiph-in-dubai\/\" target=\"_blank\">Read More \u00bb<\/a><\/div>                <\/div>\n\t\t\t\t\t\t<div class=\"ha-pg-content-area\">\n\t\t\t\t\n\t\t\t\t<h4 class=\"ha-pg-title\"><a href=\"https:\/\/expo2023.org\/en\/onikisubat-mayor-mr-hanefi-mahcicek-made-a-presentation-of-the-expo-2023-duruing-the-spring-meeting-of-aiph-in-dubai\/\">ON\u0130K\u0130\u015eUBAT MAYOR MR. HANEF\u0130 MAH\u00c7\u0130\u00c7EK MADE A PRESENTATION OF THE EXPO 2023 DURUING THE SPRING MEETING OF AIPH IN DUBAI.<\/a><\/h4>\n\t\t\t\t\t\t\t<div class=\"ha-pg-excerpt\">\n\t\t\t\t<p>Oniki\u015fubat Mayor Mr. Hanefi Mah\u00e7i\u00e7ek made a presentation of the Expo 2023 duruing the spring&hellip;<\/p>\t\t\t<\/div>\n\t\t\t\t\t<\/div>\n        <\/div>\n\t\n\t\t\t\t\t\n\t\t\t\t\t\t\t\t<div class=\"ha-pg-item\">\n\t\t\t\t\t\t\t<div class=\"ha-pg-thumb-area\">\n\t\t\t\t\t<a href=\"https:\/\/expo2023.org\/en\/we-are-at-tgrt-and-cnn-turk-with-our-expo-2023-project\/\" class=\"ha-pg-thumb\">\n\t\t\t\t\t\t<img loading=\"lazy\" decoding=\"async\" width=\"800\" height=\"744\" src=\"https:\/\/expo2023.org\/wp-content\/uploads\/2021\/01\/news-1024x952.png\" class=\"attachment-large size-large wp-post-image\" alt=\"\" srcset=\"https:\/\/expo2023.org\/wp-content\/uploads\/2021\/01\/news-1024x952.png 1024w, https:\/\/expo2023.org\/wp-content\/uploads\/2021\/01\/news-300x279.png 300w, https:\/\/expo2023.org\/wp-content\/uploads\/2021\/01\/news-768x714.png 768w, https:\/\/expo2023.org\/wp-content\/uploads\/2021\/01\/news.png 1368w\" sizes=\"(max-width: 800px) 100vw, 800px\" \/>                    <\/a>\n                    <div class=\"ha-pg-readmore\"><a href=\"https:\/\/expo2023.org\/en\/we-are-at-tgrt-and-cnn-turk-with-our-expo-2023-project\/\" target=\"_blank\">Read More \u00bb<\/a><\/div>                <\/div>\n\t\t\t\t\t\t<div class=\"ha-pg-content-area\">\n\t\t\t\t\n\t\t\t\t<h4 class=\"ha-pg-title\"><a href=\"https:\/\/expo2023.org\/en\/we-are-at-tgrt-and-cnn-turk-with-our-expo-2023-project\/\">We are at TGRT and CNN TURK with our EXPO 2023 Project<\/a><\/h4>\n\t\t\t\t\t\t\t<div class=\"ha-pg-excerpt\">\n\t\t\t\t<p>We are at TGRT and CNN TURK with our EXPO 2023 Project. \u00a0 https:\/\/youtu.be\/ax4V7hVaiHAhttps:\/\/youtu.be\/ZIaaqwp_ooE<\/p>\t\t\t<\/div>\n\t\t\t\t\t<\/div>\n        <\/div>\n\t\n\t\t\t\t\t\n\t\t\t\t\t\t\t\t<div class=\"ha-pg-item\">\n\t\t\t\t\t\t\t<div class=\"ha-pg-thumb-area\">\n\t\t\t\t\t<a href=\"https:\/\/expo2023.org\/en\/we-are-at-show-tv-and-ntv-with-our-expo-2023-project\/\" class=\"ha-pg-thumb\">\n\t\t\t\t\t\t<img loading=\"lazy\" decoding=\"async\" width=\"800\" height=\"744\" src=\"https:\/\/expo2023.org\/wp-content\/uploads\/2021\/01\/news-1024x952.png\" class=\"attachment-large size-large wp-post-image\" alt=\"\" srcset=\"https:\/\/expo2023.org\/wp-content\/uploads\/2021\/01\/news-1024x952.png 1024w, https:\/\/expo2023.org\/wp-content\/uploads\/2021\/01\/news-300x279.png 300w, https:\/\/expo2023.org\/wp-content\/uploads\/2021\/01\/news-768x714.png 768w, https:\/\/expo2023.org\/wp-content\/uploads\/2021\/01\/news.png 1368w\" sizes=\"(max-width: 800px) 100vw, 800px\" \/>                    <\/a>\n                    <div class=\"ha-pg-readmore\"><a href=\"https:\/\/expo2023.org\/en\/we-are-at-show-tv-and-ntv-with-our-expo-2023-project\/\" target=\"_blank\">Read More \u00bb<\/a><\/div>                <\/div>\n\t\t\t\t\t\t<div class=\"ha-pg-content-area\">\n\t\t\t\t\n\t\t\t\t<h4 class=\"ha-pg-title\"><a href=\"https:\/\/expo2023.org\/en\/we-are-at-show-tv-and-ntv-with-our-expo-2023-project\/\">We are at SHOW TV and NTV with our EXPO 2023 Project<\/a><\/h4>\n\t\t\t\t\t\t\t<div class=\"ha-pg-excerpt\">\n\t\t\t\t<p>We are at SHOW TV and NTV with our EXPO 2023 Project. https:\/\/youtu.be\/Xp8kgJIr6JQhttps:\/\/youtu.be\/AX3HyGQqO40<\/p>\t\t\t<\/div>\n\t\t\t\t\t<\/div>\n        <\/div>\n\t\n\t\t\t\t\t\n\t\t\t\t\t\t\t\t<div class=\"ha-pg-item\">\n\t\t\t\t\t\t\t<div class=\"ha-pg-thumb-area\">\n\t\t\t\t\t<a href=\"https:\/\/expo2023.org\/en\/we-are-on-ulke-tv-with-our-expo-2023-project\/\" class=\"ha-pg-thumb\">\n\t\t\t\t\t\t<img loading=\"lazy\" decoding=\"async\" width=\"800\" height=\"744\" src=\"https:\/\/expo2023.org\/wp-content\/uploads\/2021\/01\/news-1024x952.png\" class=\"attachment-large size-large wp-post-image\" alt=\"\" srcset=\"https:\/\/expo2023.org\/wp-content\/uploads\/2021\/01\/news-1024x952.png 1024w, https:\/\/expo2023.org\/wp-content\/uploads\/2021\/01\/news-300x279.png 300w, https:\/\/expo2023.org\/wp-content\/uploads\/2021\/01\/news-768x714.png 768w, https:\/\/expo2023.org\/wp-content\/uploads\/2021\/01\/news.png 1368w\" sizes=\"(max-width: 800px) 100vw, 800px\" \/>                    <\/a>\n                    <div class=\"ha-pg-readmore\"><a href=\"https:\/\/expo2023.org\/en\/we-are-on-ulke-tv-with-our-expo-2023-project\/\" target=\"_blank\">Read More \u00bb<\/a><\/div>                <\/div>\n\t\t\t\t\t\t<div class=\"ha-pg-content-area\">\n\t\t\t\t\n\t\t\t\t<h4 class=\"ha-pg-title\"><a href=\"https:\/\/expo2023.org\/en\/we-are-on-ulke-tv-with-our-expo-2023-project\/\">We are on ULKE TV with our EXPO 2023 Project<\/a><\/h4>\n\t\t\t\t\t\t\t<div class=\"ha-pg-excerpt\">\n\t\t\t\t<p>We are on \u00dcLKE TV with our EXPO 2023 Project.<\/p>\t\t\t<\/div>\n\t\t\t\t\t<\/div>\n        <\/div>\n\t\n\t\t\t\t\t\n\t\t\t\t\t\t\t\t<div class=\"ha-pg-item\">\n\t\t\t\t\t\t\t<div class=\"ha-pg-thumb-area\">\n\t\t\t\t\t<a href=\"https:\/\/expo2023.org\/en\/president-mahcicek-attended-expo-2019-in-beijing-capital-of-china\/\" class=\"ha-pg-thumb\">\n\t\t\t\t\t\t<img loading=\"lazy\" decoding=\"async\" width=\"768\" height=\"1024\" src=\"https:\/\/expo2023.org\/wp-content\/uploads\/2021\/01\/ee5d606f-90cd-471e-b2d2-c5dbfe604358-768x1024.jpeg\" class=\"attachment-large size-large wp-post-image\" alt=\"\" srcset=\"https:\/\/expo2023.org\/wp-content\/uploads\/2021\/01\/ee5d606f-90cd-471e-b2d2-c5dbfe604358-768x1024.jpeg 768w, https:\/\/expo2023.org\/wp-content\/uploads\/2021\/01\/ee5d606f-90cd-471e-b2d2-c5dbfe604358-225x300.jpeg 225w, https:\/\/expo2023.org\/wp-content\/uploads\/2021\/01\/ee5d606f-90cd-471e-b2d2-c5dbfe604358-1152x1536.jpeg 1152w, https:\/\/expo2023.org\/wp-content\/uploads\/2021\/01\/ee5d606f-90cd-471e-b2d2-c5dbfe604358.jpeg 1200w\" sizes=\"(max-width: 768px) 100vw, 768px\" \/>                    <\/a>\n                    <div class=\"ha-pg-readmore\"><a href=\"https:\/\/expo2023.org\/en\/president-mahcicek-attended-expo-2019-in-beijing-capital-of-china\/\" target=\"_blank\">Read More \u00bb<\/a><\/div>                <\/div>\n\t\t\t\t\t\t<div class=\"ha-pg-content-area\">\n\t\t\t\t\n\t\t\t\t<h4 class=\"ha-pg-title\"><a href=\"https:\/\/expo2023.org\/en\/president-mahcicek-attended-expo-2019-in-beijing-capital-of-china\/\">President Mah\u00e7i\u00e7ek Attended EXPO 2019 in Beijing, Capital of China<\/a><\/h4>\n\t\t\t\t\t\t\t<div class=\"ha-pg-excerpt\">\n\t\t\t\t<p><\/p>\t\t\t<\/div>\n\t\t\t\t\t<\/div>\n        <\/div>\n\t\n\t\t\t\t\t\n\t\t\t\t\t\t\t\t<div class=\"ha-pg-item\">\n\t\t\t\t\t\t\t<div class=\"ha-pg-thumb-area\">\n\t\t\t\t\t<a href=\"https:\/\/expo2023.org\/en\/president-mahcicek-is-in-france-nantes-for-expo\/\" class=\"ha-pg-thumb\">\n\t\t\t\t\t\t<img loading=\"lazy\" decoding=\"async\" width=\"768\" height=\"1024\" src=\"https:\/\/expo2023.org\/wp-content\/uploads\/2021\/01\/aa9ce87b-bcb6-47f0-a562-be9555752aa7.jpeg\" class=\"attachment-large size-large wp-post-image\" alt=\"\" srcset=\"https:\/\/expo2023.org\/wp-content\/uploads\/2021\/01\/aa9ce87b-bcb6-47f0-a562-be9555752aa7.jpeg 768w, https:\/\/expo2023.org\/wp-content\/uploads\/2021\/01\/aa9ce87b-bcb6-47f0-a562-be9555752aa7-225x300.jpeg 225w\" sizes=\"(max-width: 768px) 100vw, 768px\" \/>                    <\/a>\n                    <div class=\"ha-pg-readmore\"><a href=\"https:\/\/expo2023.org\/en\/president-mahcicek-is-in-france-nantes-for-expo\/\" target=\"_blank\">Read More \u00bb<\/a><\/div>                <\/div>\n\t\t\t\t\t\t<div class=\"ha-pg-content-area\">\n\t\t\t\t\n\t\t\t\t<h4 class=\"ha-pg-title\"><a href=\"https:\/\/expo2023.org\/en\/president-mahcicek-is-in-france-nantes-for-expo\/\">President Mah\u00e7i\u00e7ek is in France Nantes for EXPO<\/a><\/h4>\n\t\t\t\t\t\t\t<div class=\"ha-pg-excerpt\">\n\t\t\t\t<p><\/p>\t\t\t<\/div>\n\t\t\t\t\t<\/div>\n        <\/div>\n\t\n\t\t\t\t\t\t\t\t\t\t\t\t\t\t\t<\/div>\n\t\t\t\t\t\t\t<nav class=\"ha-pg-pagination-wrap\" role=\"navigation\" aria-label=\"Pagination\">\n\t\t\t<span aria-current=\"page\" class=\"page-numbers current\"><span class=\"elementor-screen-only\">Page<\/span>1<\/span>\n<a class=\"page-numbers\" href=\"https:\/\/expo2023.org\/en\/wp-json\/wp\/v2\/pages\/517\/page\/2\/\"><span class=\"elementor-screen-only\">Page<\/span>2<\/a>\t\t<\/nav>\n\t\t\t\t\t\t<\/div>\n\t\t\t\t\t\t\t\t\t<\/div>\n\t\t\t\t<\/div>\n\t\t\t\t\t<\/div>\n\t\t<\/div>\n\t\t\t\t\t<\/div>\n\t\t<\/section>\n\t\t\t\t<\/div>\n\t\t","protected":false},"excerpt":{"rendered":"<p>Read More \u00bb EXPO 2023 Kahramanmara\u015f AIPH 70. Y\u0131ll\u0131k Genel Kurulunda t\u00fcm delegelerin olumlu y\u00f6nde oy kullanmas\u0131yla\u00a0EXPO 2023\u00a0Kahramanmara\u015f \u015fehrine, organizasyonun, y\u00fcr\u00fctme&hellip; Read More \u00bb EXPO 2023 Lansman Tar\u0131m ve Orman Bakan\u0131, Kahramanmara\u015f Milletvekillerinin de kat\u0131l\u0131m\u0131 ile\u00a0EXPO 2023\u00a0lansman\u0131 d\u00fczenlendi. Read More \u00bb Ba\u015fkan Mah\u00e7i\u00e7ek; Kahramanmara\u015f\u2019\u0131 EXPO 2023 ile \u00fcst liglere ta\u015f\u0131yaca\u011f\u0131z Ba\u015fkan Mah\u00e7i\u00e7ek; Kahramanmara\u015f\u2019\u0131 EXPO 2023 [&hellip;]<\/p>\n","protected":false},"author":1,"featured_media":0,"parent":0,"menu_order":0,"comment_status":"closed","ping_status":"closed","template":"elementor_header_footer","meta":{"footnotes":""},"class_list":["post-517","page","type-page","status-publish","hentry"],"_links":{"self":[{"href":"https:\/\/expo2023.org\/en\/wp-json\/wp\/v2\/pages\/517","targetHints":{"allow":["GET"]}}],"collection":[{"href":"https:\/\/expo2023.org\/en\/wp-json\/wp\/v2\/pages"}],"about":[{"href":"https:\/\/expo2023.org\/en\/wp-json\/wp\/v2\/types\/page"}],"author":[{"embeddable":true,"href":"https:\/\/expo2023.org\/en\/wp-json\/wp\/v2\/users\/1"}],"replies":[{"embeddable":true,"href":"https:\/\/expo2023.org\/en\/wp-json\/wp\/v2\/comments?post=517"}],"version-history":[{"count":7,"href":"https:\/\/expo2023.org\/en\/wp-json\/wp\/v2\/pages\/517\/revisions"}],"predecessor-version":[{"id":1406,"href":"https:\/\/expo2023.org\/en\/wp-json\/wp\/v2\/pages\/517\/revisions\/1406"}],"wp:attachment":[{"href":"https:\/\/expo2023.org\/en\/wp-json\/wp\/v2\/media?parent=517"}],"curies":[{"name":"wp","href":"https:\/\/api.w.org\/{rel}","templated":true}]}}